{"id":9999,"date":"2021-06-14T14:17:06","date_gmt":"2021-06-14T12:17:06","guid":{"rendered":"https:\/\/www.kastel.it\/configuratori-sedute-operative-kastel\/"},"modified":"2021-10-20T13:46:49","modified_gmt":"2021-10-20T11:46:49","slug":"configurateurs-sieges-operatifs-kastel","status":"publish","type":"page","link":"https:\/\/www.kastel.it\/fr\/configurateurs-sieges-operatifs-kastel\/","title":{"rendered":"Configurateur"},"content":{"rendered":"<p>Dans cette section vous aurez du plaisir \u00e0 configurer, avec les caract\u00e9ristiques que vous pr\u00e9ferez, certains si\u00e8ges op\u00e9ratifs et non: personnalisez le si\u00e8ge et enregistrez votre cr\u00e9ation.<\/p>\n","protected":false},"excerpt":{"rendered":"<p>Dans cette section vous aurez du plaisir \u00e0 configurer, avec les caract\u00e9ristiques que vous pr\u00e9ferez, certains si\u00e8ges op\u00e9ratifs et non: personnalisez le si\u00e8ge et enregistrez votre cr\u00e9ation.<\/p>\n","protected":false},"author":1,"featured_media":0,"parent":0,"menu_order":45,"comment_status":"closed","ping_status":"closed","template":"page-configuratori.php","meta":{"_acf_changed":false,"inline_featured_image":false,"footnotes":""},"class_list":["post-9999","page","type-page","status-publish","hentry"],"acf":[],"yoast_head":"<!-- This site is optimized with the Yoast SEO plugin v26.1.1 - https:\/\/yoast.com\/wordpress\/plugins\/seo\/ -->\n<title>Configurez votre si\u00e8ge - Kastel<\/title>\n<meta name=\"description\" content=\"Configurez, avec les caract\u00e9ristiques que vous pr\u00e9ferez, certains si\u00e8ges op\u00e9ratifs: personnalisez le si\u00e8ge et enregistrez votre cr\u00e9ation.\" \/>\n<meta name=\"robots\" content=\"index, follow, max-snippet:-1, max-image-preview:large, max-video-preview:-1\" \/>\n<link rel=\"canonical\" href=\"https:\/\/www.kastel.it\/fr\/configurateurs-sieges-operatifs-kastel\/\" \/>\n<meta property=\"og:locale\" content=\"fr_FR\" \/>\n<meta property=\"og:type\" content=\"article\" \/>\n<meta property=\"og:title\" content=\"Configurez votre si\u00e8ge - Kastel\" \/>\n<meta property=\"og:description\" content=\"Configurez, avec les caract\u00e9ristiques que vous pr\u00e9ferez, certains si\u00e8ges op\u00e9ratifs: personnalisez le si\u00e8ge et enregistrez votre cr\u00e9ation.\" \/>\n<meta property=\"og:url\" content=\"https:\/\/www.kastel.it\/fr\/configurateurs-sieges-operatifs-kastel\/\" \/>\n<meta property=\"og:site_name\" content=\"Kastel\" \/>\n<meta property=\"article:publisher\" content=\"https:\/\/www.facebook.com\/kasteldesignsrl\/\" \/>\n<meta property=\"article:modified_time\" content=\"2021-10-20T11:46:49+00:00\" \/>\n<meta name=\"twitter:card\" content=\"summary_large_image\" \/>\n<meta name=\"twitter:label1\" content=\"Dur\u00e9e de lecture estim\u00e9e\" \/>\n\t<meta name=\"twitter:data1\" content=\"1 minute\" \/>\n<script type=\"application\/ld+json\" class=\"yoast-schema-graph\">{\"@context\":\"https:\/\/schema.org\",\"@graph\":[{\"@type\":\"WebPage\",\"@id\":\"https:\/\/www.kastel.it\/fr\/configurateurs-sieges-operatifs-kastel\/\",\"url\":\"https:\/\/www.kastel.it\/fr\/configurateurs-sieges-operatifs-kastel\/\",\"name\":\"Configurez votre si\u00e8ge - Kastel\",\"isPartOf\":{\"@id\":\"https:\/\/www.kastel.it\/fr\/#website\"},\"datePublished\":\"2021-06-14T12:17:06+00:00\",\"dateModified\":\"2021-10-20T11:46:49+00:00\",\"description\":\"Configurez, avec les caract\u00e9ristiques que vous pr\u00e9ferez, certains si\u00e8ges op\u00e9ratifs: personnalisez le si\u00e8ge et enregistrez votre cr\u00e9ation.\",\"inLanguage\":\"fr-FR\",\"potentialAction\":[{\"@type\":\"ReadAction\",\"target\":[\"https:\/\/www.kastel.it\/fr\/configurateurs-sieges-operatifs-kastel\/\"]}]},{\"@type\":\"WebSite\",\"@id\":\"https:\/\/www.kastel.it\/fr\/#website\",\"url\":\"https:\/\/www.kastel.it\/fr\/\",\"name\":\"Kastel\",\"description\":\"Kastel opera nel settore dell&#039;arredo con produzioni diversificate di sedute per ufficio, comunit\u00e0 e casa. Sedie, tavoli e sgabelli dal design e comfort ricercati.\",\"potentialAction\":[{\"@type\":\"SearchAction\",\"target\":{\"@type\":\"EntryPoint\",\"urlTemplate\":\"https:\/\/www.kastel.it\/fr\/?s={search_term_string}\"},\"query-input\":{\"@type\":\"PropertyValueSpecification\",\"valueRequired\":true,\"valueName\":\"search_term_string\"}}],\"inLanguage\":\"fr-FR\"}]}<\/script>\n<!-- \/ Yoast SEO plugin. -->","yoast_head_json":{"title":"Configurez votre si\u00e8ge - Kastel","description":"Configurez, avec les caract\u00e9ristiques que vous pr\u00e9ferez, certains si\u00e8ges op\u00e9ratifs: personnalisez le si\u00e8ge et enregistrez votre cr\u00e9ation.","robots":{"index":"index","follow":"follow","max-snippet":"max-snippet:-1","max-image-preview":"max-image-preview:large","max-video-preview":"max-video-preview:-1"},"canonical":"https:\/\/www.kastel.it\/fr\/configurateurs-sieges-operatifs-kastel\/","og_locale":"fr_FR","og_type":"article","og_title":"Configurez votre si\u00e8ge - Kastel","og_description":"Configurez, avec les caract\u00e9ristiques que vous pr\u00e9ferez, certains si\u00e8ges op\u00e9ratifs: personnalisez le si\u00e8ge et enregistrez votre cr\u00e9ation.","og_url":"https:\/\/www.kastel.it\/fr\/configurateurs-sieges-operatifs-kastel\/","og_site_name":"Kastel","article_publisher":"https:\/\/www.facebook.com\/kasteldesignsrl\/","article_modified_time":"2021-10-20T11:46:49+00:00","twitter_card":"summary_large_image","twitter_misc":{"Dur\u00e9e de lecture estim\u00e9e":"1 minute"},"schema":{"@context":"https:\/\/schema.org","@graph":[{"@type":"WebPage","@id":"https:\/\/www.kastel.it\/fr\/configurateurs-sieges-operatifs-kastel\/","url":"https:\/\/www.kastel.it\/fr\/configurateurs-sieges-operatifs-kastel\/","name":"Configurez votre si\u00e8ge - Kastel","isPartOf":{"@id":"https:\/\/www.kastel.it\/fr\/#website"},"datePublished":"2021-06-14T12:17:06+00:00","dateModified":"2021-10-20T11:46:49+00:00","description":"Configurez, avec les caract\u00e9ristiques que vous pr\u00e9ferez, certains si\u00e8ges op\u00e9ratifs: personnalisez le si\u00e8ge et enregistrez votre cr\u00e9ation.","inLanguage":"fr-FR","potentialAction":[{"@type":"ReadAction","target":["https:\/\/www.kastel.it\/fr\/configurateurs-sieges-operatifs-kastel\/"]}]},{"@type":"WebSite","@id":"https:\/\/www.kastel.it\/fr\/#website","url":"https:\/\/www.kastel.it\/fr\/","name":"Kastel","description":"Kastel opera nel settore dell&#039;arredo con produzioni diversificate di sedute per ufficio, comunit\u00e0 e casa. Sedie, tavoli e sgabelli dal design e comfort ricercati.","potentialAction":[{"@type":"SearchAction","target":{"@type":"EntryPoint","urlTemplate":"https:\/\/www.kastel.it\/fr\/?s={search_term_string}"},"query-input":{"@type":"PropertyValueSpecification","valueRequired":true,"valueName":"search_term_string"}}],"inLanguage":"fr-FR"}]}},"_links":{"self":[{"href":"https:\/\/www.kastel.it\/fr\/wp-json\/wp\/v2\/pages\/9999","targetHints":{"allow":["GET"]}}],"collection":[{"href":"https:\/\/www.kastel.it\/fr\/wp-json\/wp\/v2\/pages"}],"about":[{"href":"https:\/\/www.kastel.it\/fr\/wp-json\/wp\/v2\/types\/page"}],"author":[{"embeddable":true,"href":"https:\/\/www.kastel.it\/fr\/wp-json\/wp\/v2\/users\/1"}],"replies":[{"embeddable":true,"href":"https:\/\/www.kastel.it\/fr\/wp-json\/wp\/v2\/comments?post=9999"}],"version-history":[{"count":0,"href":"https:\/\/www.kastel.it\/fr\/wp-json\/wp\/v2\/pages\/9999\/revisions"}],"wp:attachment":[{"href":"https:\/\/www.kastel.it\/fr\/wp-json\/wp\/v2\/media?parent=9999"}],"curies":[{"name":"wp","href":"https:\/\/api.w.org\/{rel}","templated":true}]}}